{"id":7220,"date":"2019-08-23T13:45:45","date_gmt":"2019-08-23T12:45:45","guid":{"rendered":"http:\/\/emafructidor.com\/ema\/?page_id=7220"},"modified":"2024-02-20T12:14:39","modified_gmt":"2024-02-20T11:14:39","slug":"programme-de-recherche-mondes-visuels","status":"publish","type":"page","link":"http:\/\/emafructidor.com\/ema\/arcs\/programme-de-recherche-mondes-visuels\/","title":{"rendered":"Programme de Recherche : Mondes Visuels"},"content":{"rendered":"<div class=\"fusion-fullwidth fullwidth-box nonhundred-percent-fullwidth non-hundred-percent-height-scrolling\"  style='background-color: #ffffff;background-position: center center;background-repeat: no-repeat;padding-top:0px;padding-right:0px;padding-bottom:0px;padding-left:0px;'><div class=\"fusion-builder-row fusion-row \"><div  class=\"fusion-layout-column fusion_builder_column fusion_builder_column_1_1  fusion-one-full fusion-column-first fusion-column-last 1_1\"  style='margin-top:0px;margin-bottom:0px;'>\n\t\t\t\t\t<div class=\"fusion-column-wrapper\" style=\"background-position:left top;background-repeat:no-repeat;-webkit-background-size:cover;-moz-background-size:cover;-o-background-size:cover;background-size:cover;\"  data-bg-url=\"\">\n\t\t\t\t\t\t<div class=\"fusion-text\"><h2 style=\"text-align: left;\">MONDES VISUELS |<\/h2>\n<\/div><div class=\"fusion-text\"><p align=\"justify\">Le programme de recherche et cr\u00e9ation \u00ab\u00a0Mondes Visuels\u00a0\u00bb s&rsquo;int\u00e9resse \u00e0 la vision, dans la vari\u00e9t\u00e9 de ses manifestations sensibles.<\/p>\n<p align=\"justify\">Adoptant une approche \u00e9cologique de la perception, c&rsquo;est \u00e0 dire faisant se rencontrer et cohabiter une diversit\u00e9 de r\u00e9gimes de vision sans commune mesure (de temps, d\u2019\u00e9chelle, d\u2019espace, de spectre, \u2026), ce programme a pour projet de r\u00e9v\u00e9ler, tout en la c\u00e9l\u00e9brant, la multiplicit\u00e9 des ph\u00e9nom\u00e8nes visuels et la vari\u00e9t\u00e9 de leurs modes de perception, autant chez les \u00eatres vivants qu&rsquo;au sein des syst\u00e8mes de vision artificielle ou dans l&rsquo;interaction entre les uns et les autres.<\/p>\n<p align=\"justify\">Transdisciplinaire, il trouve ses r\u00e9f\u00e9rences dans les arts visuels optiques (photographie, cin\u00e9ma, vid\u00e9o), les arts m\u00e9diatiques et technologiques, l\u2019art contemporain et l\u2019histoire de l\u2019art, les sciences humaines, les sciences et techniques, la philosophie, la soci\u00e9t\u00e9, et \u00e9labore ses modes de travail, de pr\u00e9sentation et de partage en tirant parti de cette diversit\u00e9.<\/p>\n<p align=\"justify\">Le programme est anim\u00e9 par un nombre important d\u2019invit\u00e9(e)s provenant d&rsquo;une vari\u00e9t\u00e9 de champs de la connaissance et de la cr\u00e9ation, artistes, curateurs, philosophes, scientifiques, ing\u00e9nieurs, journalistes, activistes, \u00e9crivains, th\u00e9rapeutes, chacun(e) sp\u00e9cialiste de son domaine, qui interviennent ponctuellement au cours de l\u2019ann\u00e9e sous la forme d&rsquo;une conf\u00e9rence suivie d\u2019un travail avec un groupe d\u2019\u00e9tudiants (une demi-journ\u00e9e \u00e0 trois jours en fonction des intervenant(e)s), et par l&rsquo;accueil tout au long de l&rsquo;ann\u00e9e de plusieurs artistes en post-dipl\u00f4me, qui sont amen\u00e9(e)s \u00e0 prendre une part active \u00e0 la conduite des activit\u00e9s de recherche.<!-- \"Tempora mori, tempora mundis recorda. Voil\u00e0. Et bien \u00e7a, par exemple, \u00e7a veut absolument rien dire, mais l\u2019effet reste le m\u00eame, et pourtant j\u2019ai jamais foutu les pieds dans une salle de classe attention !\" --><\/p>\n<\/div><div class=\"fusion-text\"><p><a href=\"https:\/\/visualworlds.net\/\">Suivre l\u2019avanc\u00e9e du projet sur le site d\u00e9di\u00e9 \u00e0 cette adresse.<\/a><\/p>\n<\/div><div class=\"fusion-clearfix\"><\/div>\n\n\t\t\t\t\t<\/div>\n\t\t\t\t<\/div><\/div><\/div>\n","protected":false},"excerpt":{"rendered":"","protected":false},"author":5,"featured_media":0,"parent":6144,"menu_order":1,"comment_status":"closed","ping_status":"closed","template":"","meta":{"ngg_post_thumbnail":0},"_links":{"self":[{"href":"http:\/\/emafructidor.com\/ema\/wp-json\/wp\/v2\/pages\/7220"}],"collection":[{"href":"http:\/\/emafructidor.com\/ema\/wp-json\/wp\/v2\/pages"}],"about":[{"href":"http:\/\/emafructidor.com\/ema\/wp-json\/wp\/v2\/types\/page"}],"author":[{"embeddable":true,"href":"http:\/\/emafructidor.com\/ema\/wp-json\/wp\/v2\/users\/5"}],"replies":[{"embeddable":true,"href":"http:\/\/emafructidor.com\/ema\/wp-json\/wp\/v2\/comments?post=7220"}],"version-history":[{"count":18,"href":"http:\/\/emafructidor.com\/ema\/wp-json\/wp\/v2\/pages\/7220\/revisions"}],"predecessor-version":[{"id":9150,"href":"http:\/\/emafructidor.com\/ema\/wp-json\/wp\/v2\/pages\/7220\/revisions\/9150"}],"up":[{"embeddable":true,"href":"http:\/\/emafructidor.com\/ema\/wp-json\/wp\/v2\/pages\/6144"}],"wp:attachment":[{"href":"http:\/\/emafructidor.com\/ema\/wp-json\/wp\/v2\/media?parent=7220"}],"curies":[{"name":"wp","href":"https:\/\/api.w.org\/{rel}","templated":true}]}}